{"id":1059,"date":"2018-08-22T19:11:27","date_gmt":"2018-08-22T22:11:27","guid":{"rendered":"https:\/\/www.casadocuidar.org.br\/?post_type=dt_testimonials&#038;p=1059"},"modified":"2018-08-22T19:11:27","modified_gmt":"2018-08-22T22:11:27","slug":"maria-ines-fernandez-rodriguez","status":"publish","type":"dt_testimonials","link":"https:\/\/www.casadocuidar.org.br\/en\/dt_testimonials\/maria-ines-fernandez-rodriguez\/","title":{"rendered":"Maria In\u00eas Fernandez Rodriguez"},"content":{"rendered":"<p>Eu estou vivendo em Montevideo \u2013 Uruguai. Voltei a minha terra natal, um sonho de pequena. A vida aqui \u00e9 maravilhosa pelo simples fato de que estou vivendo onde escolhi. Falando da parte de trabalho, sou psic\u00f3loga e depois de algum tempo meu diploma foi revalidado. Estou trabalhando em Clinica e realizo tamb\u00e9m atendimento domicili\u00e1rio a paciente com diagnostico de depress\u00e3o, c\u00e2ncer ou outra doen\u00e7a que impossibilite sua ida ao consult\u00f3rio. Infelizmente n\u00e3o estou trabalhando com cuidados paliativos. Existem mais apenas em alguns hospitais que voc\u00ea s\u00f3 entra por concurso ou se tem algum m\u00e9dico conhecido, se n\u00e3o tem padrinho fica bastante dif\u00edcil, pois \u00e9 uma \u00e1rea \u201crestrita\u201d. Mesmo n\u00e3o trabalhando com cuidados paliativos o curso na Casa do Cuidar me deu bagagem para ver o paciente como um todo e poder ajuda-lo de forma mais completa, avaliando todos os aspectos juntos e n\u00e3o separado, este fato tamb\u00e9m \u00e9 para mim fonte de muita alegria, pois estou vivendo onde quero e trabalhando com que mais gosto, pessoas.<\/p>\n","protected":false},"excerpt":{"rendered":"<p>Eu estou vivendo em Montevideo \u2013 Uruguai. Voltei a minha terra natal, um sonho de pequena. A vida aqui \u00e9 maravilhosa pelo simples fato de que estou vivendo onde escolhi. Falando da parte de trabalho, sou psic\u00f3loga e depois de algum tempo meu diploma foi revalidado. Estou trabalhando em Clinica e realizo tamb\u00e9m atendimento domicili\u00e1rio&hellip;<\/p>\n","protected":false},"featured_media":0,"template":"","dt_testimonials_category":[34],"class_list":["post-1059","dt_testimonials","type-dt_testimonials","status-publish","hentry","dt_testimonials_category-curso-avancado-multiprofissional","dt_testimonials_category-34","description-off"],"acf":[],"yoast_head":"<!-- This site is optimized with the Yoast SEO plugin v27.5 - https:\/\/yoast.com\/product\/yoast-seo-wordpress\/ -->\n<title>Maria In\u00eas Fernandez Rodriguez - Casa do Cuidar<\/title>\n<meta name=\"robots\" content=\"index, follow, max-snippet:-1, max-image-preview:large, max-video-preview:-1\" \/>\n<link rel=\"canonical\" href=\"https:\/\/www.casadocuidar.org.br\/dt_testimonials\/maria-ines-fernandez-rodriguez\/\" \/>\n<meta property=\"og:locale\" content=\"en_US\" \/>\n<meta property=\"og:type\" content=\"article\" \/>\n<meta property=\"og:title\" content=\"Maria In\u00eas Fernandez Rodriguez - Casa do Cuidar\" \/>\n<meta property=\"og:description\" content=\"Eu estou vivendo em Montevideo \u2013 Uruguai. Voltei a minha terra natal, um sonho de pequena. A vida aqui \u00e9 maravilhosa pelo simples fato de que estou vivendo onde escolhi. Falando da parte de trabalho, sou psic\u00f3loga e depois de algum tempo meu diploma foi revalidado. Estou trabalhando em Clinica e realizo tamb\u00e9m atendimento domicili\u00e1rio&hellip;\" \/>\n<meta property=\"og:url\" content=\"https:\/\/www.casadocuidar.org.br\/dt_testimonials\/maria-ines-fernandez-rodriguez\/\" \/>\n<meta property=\"og:site_name\" content=\"Casa do Cuidar\" \/>\n<meta name=\"twitter:card\" content=\"summary_large_image\" \/>\n<meta name=\"twitter:label1\" content=\"Est. reading time\" \/>\n\t<meta name=\"twitter:data1\" content=\"1 minute\" \/>\n<script type=\"application\/ld+json\" class=\"yoast-schema-graph\">{\"@context\":\"https:\\\/\\\/schema.org\",\"@graph\":[{\"@type\":\"WebPage\",\"@id\":\"https:\\\/\\\/www.casadocuidar.org.br\\\/dt_testimonials\\\/maria-ines-fernandez-rodriguez\\\/\",\"url\":\"https:\\\/\\\/www.casadocuidar.org.br\\\/dt_testimonials\\\/maria-ines-fernandez-rodriguez\\\/\",\"name\":\"Maria In\u00eas Fernandez Rodriguez - Casa do Cuidar\",\"isPartOf\":{\"@id\":\"https:\\\/\\\/www.casadocuidar.org.br\\\/#website\"},\"datePublished\":\"2018-08-22T22:11:27+00:00\",\"breadcrumb\":{\"@id\":\"https:\\\/\\\/www.casadocuidar.org.br\\\/dt_testimonials\\\/maria-ines-fernandez-rodriguez\\\/#breadcrumb\"},\"inLanguage\":\"en-US\",\"potentialAction\":[{\"@type\":\"ReadAction\",\"target\":[\"https:\\\/\\\/www.casadocuidar.org.br\\\/dt_testimonials\\\/maria-ines-fernandez-rodriguez\\\/\"]}]},{\"@type\":\"BreadcrumbList\",\"@id\":\"https:\\\/\\\/www.casadocuidar.org.br\\\/dt_testimonials\\\/maria-ines-fernandez-rodriguez\\\/#breadcrumb\",\"itemListElement\":[{\"@type\":\"ListItem\",\"position\":1,\"name\":\"In\u00edcio\",\"item\":\"https:\\\/\\\/www.casadocuidar.org.br\\\/en\\\/\"},{\"@type\":\"ListItem\",\"position\":2,\"name\":\"Testimonials\",\"item\":\"https:\\\/\\\/www.casadocuidar.org.br\\\/en\\\/dt_testimonials\\\/\"},{\"@type\":\"ListItem\",\"position\":3,\"name\":\"Maria In\u00eas Fernandez Rodriguez\"}]},{\"@type\":\"WebSite\",\"@id\":\"https:\\\/\\\/www.casadocuidar.org.br\\\/#website\",\"url\":\"https:\\\/\\\/www.casadocuidar.org.br\\\/\",\"name\":\"Casa do Cuidar\",\"description\":\"Pr\u00e1tica e ensino em cuidados paliativos\",\"publisher\":{\"@id\":\"https:\\\/\\\/www.casadocuidar.org.br\\\/#organization\"},\"potentialAction\":[{\"@type\":\"SearchAction\",\"target\":{\"@type\":\"EntryPoint\",\"urlTemplate\":\"https:\\\/\\\/www.casadocuidar.org.br\\\/?s={search_term_string}\"},\"query-input\":{\"@type\":\"PropertyValueSpecification\",\"valueRequired\":true,\"valueName\":\"search_term_string\"}}],\"inLanguage\":\"en-US\"},{\"@type\":\"Organization\",\"@id\":\"https:\\\/\\\/www.casadocuidar.org.br\\\/#organization\",\"name\":\"Casa do Cuidar \u2013 Pr\u00e1tica e ensino em cuidados paliativos\",\"url\":\"https:\\\/\\\/www.casadocuidar.org.br\\\/\",\"logo\":{\"@type\":\"ImageObject\",\"inLanguage\":\"en-US\",\"@id\":\"https:\\\/\\\/www.casadocuidar.org.br\\\/#\\\/schema\\\/logo\\\/image\\\/\",\"url\":\"https:\\\/\\\/www.casadocuidar.org.br\\\/website\\\/wp-content\\\/uploads\\\/2018\\\/08\\\/casadocuidar-logoshare.png\",\"contentUrl\":\"https:\\\/\\\/www.casadocuidar.org.br\\\/website\\\/wp-content\\\/uploads\\\/2018\\\/08\\\/casadocuidar-logoshare.png\",\"width\":500,\"height\":500,\"caption\":\"Casa do Cuidar \u2013 Pr\u00e1tica e ensino em cuidados paliativos\"},\"image\":{\"@id\":\"https:\\\/\\\/www.casadocuidar.org.br\\\/#\\\/schema\\\/logo\\\/image\\\/\"}}]}<\/script>\n<!-- \/ Yoast SEO plugin. -->","yoast_head_json":{"title":"Maria In\u00eas Fernandez Rodriguez - Casa do Cuidar","robots":{"index":"index","follow":"follow","max-snippet":"max-snippet:-1","max-image-preview":"max-image-preview:large","max-video-preview":"max-video-preview:-1"},"canonical":"https:\/\/www.casadocuidar.org.br\/dt_testimonials\/maria-ines-fernandez-rodriguez\/","og_locale":"en_US","og_type":"article","og_title":"Maria In\u00eas Fernandez Rodriguez - Casa do Cuidar","og_description":"Eu estou vivendo em Montevideo \u2013 Uruguai. Voltei a minha terra natal, um sonho de pequena. A vida aqui \u00e9 maravilhosa pelo simples fato de que estou vivendo onde escolhi. Falando da parte de trabalho, sou psic\u00f3loga e depois de algum tempo meu diploma foi revalidado. Estou trabalhando em Clinica e realizo tamb\u00e9m atendimento domicili\u00e1rio&hellip;","og_url":"https:\/\/www.casadocuidar.org.br\/dt_testimonials\/maria-ines-fernandez-rodriguez\/","og_site_name":"Casa do Cuidar","twitter_card":"summary_large_image","twitter_misc":{"Est. reading time":"1 minute"},"schema":{"@context":"https:\/\/schema.org","@graph":[{"@type":"WebPage","@id":"https:\/\/www.casadocuidar.org.br\/dt_testimonials\/maria-ines-fernandez-rodriguez\/","url":"https:\/\/www.casadocuidar.org.br\/dt_testimonials\/maria-ines-fernandez-rodriguez\/","name":"Maria In\u00eas Fernandez Rodriguez - Casa do Cuidar","isPartOf":{"@id":"https:\/\/www.casadocuidar.org.br\/#website"},"datePublished":"2018-08-22T22:11:27+00:00","breadcrumb":{"@id":"https:\/\/www.casadocuidar.org.br\/dt_testimonials\/maria-ines-fernandez-rodriguez\/#breadcrumb"},"inLanguage":"en-US","potentialAction":[{"@type":"ReadAction","target":["https:\/\/www.casadocuidar.org.br\/dt_testimonials\/maria-ines-fernandez-rodriguez\/"]}]},{"@type":"BreadcrumbList","@id":"https:\/\/www.casadocuidar.org.br\/dt_testimonials\/maria-ines-fernandez-rodriguez\/#breadcrumb","itemListElement":[{"@type":"ListItem","position":1,"name":"In\u00edcio","item":"https:\/\/www.casadocuidar.org.br\/en\/"},{"@type":"ListItem","position":2,"name":"Testimonials","item":"https:\/\/www.casadocuidar.org.br\/en\/dt_testimonials\/"},{"@type":"ListItem","position":3,"name":"Maria In\u00eas Fernandez Rodriguez"}]},{"@type":"WebSite","@id":"https:\/\/www.casadocuidar.org.br\/#website","url":"https:\/\/www.casadocuidar.org.br\/","name":"Casa do Cuidar","description":"Pr\u00e1tica e ensino em cuidados paliativos","publisher":{"@id":"https:\/\/www.casadocuidar.org.br\/#organization"},"potentialAction":[{"@type":"SearchAction","target":{"@type":"EntryPoint","urlTemplate":"https:\/\/www.casadocuidar.org.br\/?s={search_term_string}"},"query-input":{"@type":"PropertyValueSpecification","valueRequired":true,"valueName":"search_term_string"}}],"inLanguage":"en-US"},{"@type":"Organization","@id":"https:\/\/www.casadocuidar.org.br\/#organization","name":"Casa do Cuidar \u2013 Pr\u00e1tica e ensino em cuidados paliativos","url":"https:\/\/www.casadocuidar.org.br\/","logo":{"@type":"ImageObject","inLanguage":"en-US","@id":"https:\/\/www.casadocuidar.org.br\/#\/schema\/logo\/image\/","url":"https:\/\/www.casadocuidar.org.br\/website\/wp-content\/uploads\/2018\/08\/casadocuidar-logoshare.png","contentUrl":"https:\/\/www.casadocuidar.org.br\/website\/wp-content\/uploads\/2018\/08\/casadocuidar-logoshare.png","width":500,"height":500,"caption":"Casa do Cuidar \u2013 Pr\u00e1tica e ensino em cuidados paliativos"},"image":{"@id":"https:\/\/www.casadocuidar.org.br\/#\/schema\/logo\/image\/"}}]}},"_links":{"self":[{"href":"https:\/\/www.casadocuidar.org.br\/en\/wp-json\/wp\/v2\/dt_testimonials\/1059","targetHints":{"allow":["GET"]}}],"collection":[{"href":"https:\/\/www.casadocuidar.org.br\/en\/wp-json\/wp\/v2\/dt_testimonials"}],"about":[{"href":"https:\/\/www.casadocuidar.org.br\/en\/wp-json\/wp\/v2\/types\/dt_testimonials"}],"wp:attachment":[{"href":"https:\/\/www.casadocuidar.org.br\/en\/wp-json\/wp\/v2\/media?parent=1059"}],"wp:term":[{"taxonomy":"dt_testimonials_category","embeddable":true,"href":"https:\/\/www.casadocuidar.org.br\/en\/wp-json\/wp\/v2\/dt_testimonials_category?post=1059"}],"curies":[{"name":"wp","href":"https:\/\/api.w.org\/{rel}","templated":true}]}}